{"id":24,"date":"2021-02-14T13:41:45","date_gmt":"2021-02-14T12:41:45","guid":{"rendered":"https:\/\/pf.maxi-trampoline.com\/?page_id=24"},"modified":"2021-07-27T14:41:06","modified_gmt":"2021-07-27T12:41:06","slug":"al-tuo-fianco","status":"publish","type":"page","link":"https:\/\/pompes-funebres-valais.ch\/it\/a-vos-cotes\/","title":{"rendered":"Dalla tua parte"},"content":{"rendered":"<p>[et_pb_section fb_built=\u00a0\u00bb1&Prime; _builder_version=\u00a0\u00bb4.9.0&Prime; _module_preset=\u00a0\u00bbdefault\u00a0\u00bb use_background_color_gradient=\u00a0\u00bbon\u00a0\u00bb background_color_gradient_start=\u00a0\u00bb#605f5e\u00a0\u00bb background_color_gradient_end=\u00a0\u00bb#eeebe6&Prime; background_image=\u00a0\u00bbhttps:\/\/pompes-funebres-valais.ch\/wp-content\/uploads\/2021\/02\/mourning-108781_1920.jpg\u00a0\u00bb background_blend=\u00a0\u00bbmultiply\u00a0\u00bb][et_pb_row column_structure=\u00a0\u00bb3_4,1_4&Prime; _builder_version=\u00a0\u00bb4.9.0&Prime; _module_preset=\u00a0\u00bbdefault\u00a0\u00bb][et_pb_column type=\u00a0\u00bb3_4&Prime; _builder_version=\u00a0\u00bb4.9.0&Prime; _module_preset=\u00a0\u00bbdefault\u00a0\u00bb][et_pb_text _builder_version=\u00a0\u00bb4.9.0&Prime; _module_preset=\u00a0\u00bbdefault\u00a0\u00bb text_text_color=\u00a0\u00bb#FFFFFF\u00a0\u00bb header_text_color=\u00a0\u00bb#FFFFFF\u00a0\u00bb header_3_text_color=\u00a0\u00bb#FFFFFF\u00a0\u00bb custom_margin=\u00a0\u00bb50px||||false|false\u00a0\u00bb custom_margin_tablet=\u00a0\u00bb\u00a0\u00bb custom_margin_phone=\u00a0\u00bb\u00a0\u00bb custom_margin_last_edited=\u00a0\u00bbon|desktop\u00a0\u00bb header_font_size_tablet=\u00a0\u00bb\u00a0\u00bb header_font_size_phone=\u00a0\u00bb40px\u00a0\u00bb header_font_size_last_edited=\u00a0\u00bbon|phone\u00a0\u00bb header_3_font_size_tablet=\u00a0\u00bb\u00a0\u00bb header_3_font_size_phone=\u00a0\u00bb25px\u00a0\u00bb header_3_font_size_last_edited=\u00a0\u00bbon|phone\u00a0\u00bb]<\/p>\n<h3><span class=\"lh-1\"><span>Conseils aux proches\u00a0<\/span><\/span><\/h3>\n<h1>Depuis 30 ans avec les familles<\/h1>\n<p>[\/et_pb_text][\/et_pb_column][et_pb_column type=\u00a0\u00bb1_4&Prime; _builder_version=\u00a0\u00bb4.9.0&Prime; _module_preset=\u00a0\u00bbdefault\u00a0\u00bb][\/et_pb_column][\/et_pb_row][\/et_pb_section][et_pb_section fb_built=\u00a0\u00bb1&Prime; _builder_version=\u00a0\u00bb4.9.0&Prime; _module_preset=\u00a0\u00bbdefault\u00a0\u00bb custom_padding=\u00a0\u00bb||0px|||\u00a0\u00bb][et_pb_row column_structure=\u00a0\u00bb1_3,2_3&Prime; _builder_version=\u00a0\u00bb4.9.0&Prime; _module_preset=\u00a0\u00bbdefault\u00a0\u00bb][et_pb_column type=\u00a0\u00bb1_3&Prime; _builder_version=\u00a0\u00bb4.9.0&Prime; _module_preset=\u00a0\u00bbdefault\u00a0\u00bb background_color=\u00a0\u00bb#EEEBE6&Prime;][et_pb_text _builder_version=\u00a0\u00bb4.9.0&Prime; _module_preset=\u00a0\u00bbdefault\u00a0\u00bb text_font_size=\u00a0\u00bb13px\u00a0\u00bb text_line_height=\u00a0\u00bb1.6em\u00a0\u00bb header_font_size=\u00a0\u00bb36px\u00a0\u00bb header_line_height=\u00a0\u00bb1.3em\u00a0\u00bb header_4_font_size=\u00a0\u00bb24px\u00a0\u00bb header_5_font=\u00a0\u00bbLato|900||on|||||\u00a0\u00bb header_5_text_color=\u00a0\u00bb#605F5E\u00a0\u00bb header_5_font_size=\u00a0\u00bb14px\u00a0\u00bb header_5_letter_spacing=\u00a0\u00bb3px\u00a0\u00bb header_5_line_height=\u00a0\u00bb2em\u00a0\u00bb background_color=\u00a0\u00bb#EEEBE6&Prime; custom_margin=\u00a0\u00bb-165px||34px||false|false\u00a0\u00bb custom_padding=\u00a0\u00bb35px|30px||30px|false|true\u00a0\u00bb custom_padding_tablet=\u00a0\u00bb\u00a0\u00bb custom_padding_phone=\u00a0\u00bb\u00a0\u00bb custom_padding_last_edited=\u00a0\u00bbon|desktop\u00a0\u00bb]<\/p>\n<h5><span class=\"lh-1\">accompagner le deuil<\/span><\/h5>\n<h1><span class=\"lh-1\">Comment faire juste ?<\/span><\/h1>\n<div style=\"text-align: justify;\">\n<p><i>Lorsque la mort survient, le deuil est une des p\u00e9riodes les plus difficile \u00e0 g\u00e9rer pour les proches du d\u00e9funt. Chaque personne vivra son deuil et sera affect\u00e9e de fa\u00e7on diff\u00e9rente. Mais dans ces moments-l\u00e0 il est toujours agr\u00e9able de pouvoir compter sur le soutien d&rsquo;autres personnes. C&rsquo;est pourquoi il est important de d\u00e9montrer sa disponibilit\u00e9 et sa sympathie aux personnes en deuil. Mais comment peut-on le faire sans tomber dans l&rsquo;exag\u00e9ration ou le clich\u00e9? Comment faire savoir aux personnes en deuil \u00e0 quel point nous apr\u00e9ciions le d\u00e9funt? Comment leur faire savoir que nous sommes pr\u00eat \u00e0 leur venir en aide, \u00e0 partager quelques moments avec eux?\u00a0 \u00a0<\/i><\/p>\n<p><i>Au del\u00e0 de la tradition, les cartes de sympathie, les fleurs et couronnes de fleurs, les cadeaux, les dons, ou toute autre geste permettra d&rsquo;exprimer votre sympathie envers les personnes en deuil. De plus, assister aux diff\u00e9rents offices, veill\u00e9es, aggapes et autres c\u00e9r\u00e9monies sera une mani\u00e8re significatice de d\u00e9montrer votre attachement.<\/i><\/p>\n<\/div>\n<p>[\/et_pb_text][et_pb_contact_form title=\u00a0\u00bbJ&rsquo;ai besoin de conseils\u00a0\u00bb success_message=\u00a0\u00bbVotre message nous a bien \u00e9t\u00e9 envoy\u00e9. Nous reviendrons vers vous dans les plus brefs d\u00e9lais.       \u00a0\u00bb submit_button_text=\u00a0\u00bbenvoyer\u00a0\u00bb _builder_version=\u00a0\u00bb4.9.10&Prime; _module_preset=\u00a0\u00bbdefault\u00a0\u00bb form_field_background_color=\u00a0\u00bb#FFFFFF\u00a0\u00bb form_field_font_size=\u00a0\u00bb13px\u00a0\u00bb form_field_letter_spacing=\u00a0\u00bb1px\u00a0\u00bb background_color=\u00a0\u00bb#EEEBE6&Prime; custom_button=\u00a0\u00bbon\u00a0\u00bb button_text_size=\u00a0\u00bb13px\u00a0\u00bb button_text_color=\u00a0\u00bb#47d5cd\u00a0\u00bb button_border_width=\u00a0\u00bb1px\u00a0\u00bb button_border_color=\u00a0\u00bb#47d5cd\u00a0\u00bb button_font=\u00a0\u00bb|300||on|||||\u00a0\u00bb button_custom_padding=\u00a0\u00bb0px|40px||40px|false|false\u00a0\u00bb custom_margin=\u00a0\u00bb||0px|||\u00a0\u00bb custom_margin_tablet=\u00a0\u00bb\u00a0\u00bb custom_margin_phone=\u00a0\u00bb0px||||false|true\u00a0\u00bb custom_margin_last_edited=\u00a0\u00bbon|phone\u00a0\u00bb custom_padding=\u00a0\u00bb0px|30px|18px|30px|false|true\u00a0\u00bb custom_padding_tablet=\u00a0\u00bb\u00a0\u00bb custom_padding_phone=\u00a0\u00bb\u00a0\u00bb custom_padding_last_edited=\u00a0\u00bbon|desktop\u00a0\u00bb hover_enabled=\u00a0\u00bb0&Prime; locked=\u00a0\u00bboff\u00a0\u00bb button_bg_color__hover_enabled=\u00a0\u00bbon|hover\u00a0\u00bb button_bg_color__hover=\u00a0\u00bb#73DDD7&Prime; button_bg_enable_color__hover=\u00a0\u00bbon\u00a0\u00bb button_text_color__hover_enabled=\u00a0\u00bbon|hover\u00a0\u00bb button_text_color__hover=\u00a0\u00bb#FFFFFF\u00a0\u00bb use_spam_service=\u00a0\u00bbon\u00a0\u00bb recaptcha_list=\u00a0\u00bbnovagency v3|novagency v3-0&Prime; sticky_enabled=\u00a0\u00bb0&Prime;][et_pb_contact_field field_id=\u00a0\u00bbPr\u00e9nom\u00a0\u00bb field_title=\u00a0\u00bb* Pr\u00e9nom\u00a0\u00bb fullwidth_field=\u00a0\u00bbon\u00a0\u00bb _builder_version=\u00a0\u00bb4.8.1&Prime; button_text_size__hover_enabled=\u00a0\u00bboff\u00a0\u00bb button_one_text_size__hover_enabled=\u00a0\u00bboff\u00a0\u00bb button_two_text_size__hover_enabled=\u00a0\u00bboff\u00a0\u00bb button_text_color__hover_enabled=\u00a0\u00bboff\u00a0\u00bb button_one_text_color__hover_enabled=\u00a0\u00bboff\u00a0\u00bb button_two_text_color__hover_enabled=\u00a0\u00bboff\u00a0\u00bb button_border_width__hover_enabled=\u00a0\u00bboff\u00a0\u00bb button_one_border_width__hover_enabled=\u00a0\u00bboff\u00a0\u00bb button_two_border_width__hover_enabled=\u00a0\u00bboff\u00a0\u00bb button_border_color__hover_enabled=\u00a0\u00bboff\u00a0\u00bb button_one_border_color__hover_enabled=\u00a0\u00bboff\u00a0\u00bb button_two_border_color__hover_enabled=\u00a0\u00bboff\u00a0\u00bb button_border_radius__hover_enabled=\u00a0\u00bboff\u00a0\u00bb button_one_border_radius__hover_enabled=\u00a0\u00bboff\u00a0\u00bb button_two_border_radius__hover_enabled=\u00a0\u00bboff\u00a0\u00bb button_letter_spacing__hover_enabled=\u00a0\u00bboff\u00a0\u00bb button_one_letter_spacing__hover_enabled=\u00a0\u00bboff\u00a0\u00bb button_two_letter_spacing__hover_enabled=\u00a0\u00bboff\u00a0\u00bb button_bg_color__hover_enabled=\u00a0\u00bboff\u00a0\u00bb button_one_bg_color__hover_enabled=\u00a0\u00bboff\u00a0\u00bb button_two_bg_color__hover_enabled=\u00a0\u00bboff\u00a0\u00bb][\/et_pb_contact_field][et_pb_contact_field field_id=\u00a0\u00bbNom\u00a0\u00bb field_title=\u00a0\u00bb* Nom\u00a0\u00bb fullwidth_field=\u00a0\u00bbon\u00a0\u00bb _builder_version=\u00a0\u00bb4.8.1&Prime; button_text_size__hover_enabled=\u00a0\u00bboff\u00a0\u00bb button_one_text_size__hover_enabled=\u00a0\u00bboff\u00a0\u00bb button_two_text_size__hover_enabled=\u00a0\u00bboff\u00a0\u00bb button_text_color__hover_enabled=\u00a0\u00bboff\u00a0\u00bb button_one_text_color__hover_enabled=\u00a0\u00bboff\u00a0\u00bb button_two_text_color__hover_enabled=\u00a0\u00bboff\u00a0\u00bb button_border_width__hover_enabled=\u00a0\u00bboff\u00a0\u00bb button_one_border_width__hover_enabled=\u00a0\u00bboff\u00a0\u00bb button_two_border_width__hover_enabled=\u00a0\u00bboff\u00a0\u00bb button_border_color__hover_enabled=\u00a0\u00bboff\u00a0\u00bb button_one_border_color__hover_enabled=\u00a0\u00bboff\u00a0\u00bb button_two_border_color__hover_enabled=\u00a0\u00bboff\u00a0\u00bb button_border_radius__hover_enabled=\u00a0\u00bboff\u00a0\u00bb button_one_border_radius__hover_enabled=\u00a0\u00bboff\u00a0\u00bb button_two_border_radius__hover_enabled=\u00a0\u00bboff\u00a0\u00bb button_letter_spacing__hover_enabled=\u00a0\u00bboff\u00a0\u00bb button_one_letter_spacing__hover_enabled=\u00a0\u00bboff\u00a0\u00bb button_two_letter_spacing__hover_enabled=\u00a0\u00bboff\u00a0\u00bb button_bg_color__hover_enabled=\u00a0\u00bboff\u00a0\u00bb button_one_bg_color__hover_enabled=\u00a0\u00bboff\u00a0\u00bb button_two_bg_color__hover_enabled=\u00a0\u00bboff\u00a0\u00bb][\/et_pb_contact_field][et_pb_contact_field field_id=\u00a0\u00bbNPA_Localit\u00e9\u00a0\u00bb field_title=\u00a0\u00bb* N\u00b0 postal \/ Localit\u00e9\u00a0\u00bb fullwidth_field=\u00a0\u00bbon\u00a0\u00bb _builder_version=\u00a0\u00bb4.9.0&Prime; button_text_size__hover_enabled=\u00a0\u00bboff\u00a0\u00bb button_one_text_size__hover_enabled=\u00a0\u00bboff\u00a0\u00bb button_two_text_size__hover_enabled=\u00a0\u00bboff\u00a0\u00bb button_text_color__hover_enabled=\u00a0\u00bboff\u00a0\u00bb button_one_text_color__hover_enabled=\u00a0\u00bboff\u00a0\u00bb button_two_text_color__hover_enabled=\u00a0\u00bboff\u00a0\u00bb button_border_width__hover_enabled=\u00a0\u00bboff\u00a0\u00bb button_one_border_width__hover_enabled=\u00a0\u00bboff\u00a0\u00bb button_two_border_width__hover_enabled=\u00a0\u00bboff\u00a0\u00bb button_border_color__hover_enabled=\u00a0\u00bboff\u00a0\u00bb button_one_border_color__hover_enabled=\u00a0\u00bboff\u00a0\u00bb button_two_border_color__hover_enabled=\u00a0\u00bboff\u00a0\u00bb button_border_radius__hover_enabled=\u00a0\u00bboff\u00a0\u00bb button_one_border_radius__hover_enabled=\u00a0\u00bboff\u00a0\u00bb button_two_border_radius__hover_enabled=\u00a0\u00bboff\u00a0\u00bb button_letter_spacing__hover_enabled=\u00a0\u00bboff\u00a0\u00bb button_one_letter_spacing__hover_enabled=\u00a0\u00bboff\u00a0\u00bb button_two_letter_spacing__hover_enabled=\u00a0\u00bboff\u00a0\u00bb button_bg_color__hover_enabled=\u00a0\u00bboff\u00a0\u00bb button_one_bg_color__hover_enabled=\u00a0\u00bboff\u00a0\u00bb button_two_bg_color__hover_enabled=\u00a0\u00bboff\u00a0\u00bb][\/et_pb_contact_field][et_pb_contact_field field_id=\u00a0\u00bbNum\u00e9ro_de_t\u00e9l\u00e9phone\u00a0\u00bb field_title=\u00a0\u00bb* N\u00b0 de t\u00e9l\u00e9phone\u00a0\u00bb fullwidth_field=\u00a0\u00bbon\u00a0\u00bb _builder_version=\u00a0\u00bb4.8.1&Prime; button_text_size__hover_enabled=\u00a0\u00bboff\u00a0\u00bb button_one_text_size__hover_enabled=\u00a0\u00bboff\u00a0\u00bb button_two_text_size__hover_enabled=\u00a0\u00bboff\u00a0\u00bb button_text_color__hover_enabled=\u00a0\u00bboff\u00a0\u00bb button_one_text_color__hover_enabled=\u00a0\u00bboff\u00a0\u00bb button_two_text_color__hover_enabled=\u00a0\u00bboff\u00a0\u00bb button_border_width__hover_enabled=\u00a0\u00bboff\u00a0\u00bb button_one_border_width__hover_enabled=\u00a0\u00bboff\u00a0\u00bb button_two_border_width__hover_enabled=\u00a0\u00bboff\u00a0\u00bb button_border_color__hover_enabled=\u00a0\u00bboff\u00a0\u00bb button_one_border_color__hover_enabled=\u00a0\u00bboff\u00a0\u00bb button_two_border_color__hover_enabled=\u00a0\u00bboff\u00a0\u00bb button_border_radius__hover_enabled=\u00a0\u00bboff\u00a0\u00bb button_one_border_radius__hover_enabled=\u00a0\u00bboff\u00a0\u00bb button_two_border_radius__hover_enabled=\u00a0\u00bboff\u00a0\u00bb button_letter_spacing__hover_enabled=\u00a0\u00bboff\u00a0\u00bb button_one_letter_spacing__hover_enabled=\u00a0\u00bboff\u00a0\u00bb button_two_letter_spacing__hover_enabled=\u00a0\u00bboff\u00a0\u00bb button_bg_color__hover_enabled=\u00a0\u00bboff\u00a0\u00bb button_one_bg_color__hover_enabled=\u00a0\u00bboff\u00a0\u00bb button_two_bg_color__hover_enabled=\u00a0\u00bboff\u00a0\u00bb][\/et_pb_contact_field][et_pb_contact_field field_id=\u00a0\u00bbEmail\u00a0\u00bb field_title=\u00a0\u00bb* Adresse e-mail\u00a0\u00bb field_type=\u00a0\u00bbemail\u00a0\u00bb fullwidth_field=\u00a0\u00bbon\u00a0\u00bb _builder_version=\u00a0\u00bb4.8.1&Prime; button_text_size__hover_enabled=\u00a0\u00bboff\u00a0\u00bb button_one_text_size__hover_enabled=\u00a0\u00bboff\u00a0\u00bb button_two_text_size__hover_enabled=\u00a0\u00bboff\u00a0\u00bb button_text_color__hover_enabled=\u00a0\u00bboff\u00a0\u00bb button_one_text_color__hover_enabled=\u00a0\u00bboff\u00a0\u00bb button_two_text_color__hover_enabled=\u00a0\u00bboff\u00a0\u00bb button_border_width__hover_enabled=\u00a0\u00bboff\u00a0\u00bb button_one_border_width__hover_enabled=\u00a0\u00bboff\u00a0\u00bb button_two_border_width__hover_enabled=\u00a0\u00bboff\u00a0\u00bb button_border_color__hover_enabled=\u00a0\u00bboff\u00a0\u00bb button_one_border_color__hover_enabled=\u00a0\u00bboff\u00a0\u00bb button_two_border_color__hover_enabled=\u00a0\u00bboff\u00a0\u00bb button_border_radius__hover_enabled=\u00a0\u00bboff\u00a0\u00bb button_one_border_radius__hover_enabled=\u00a0\u00bboff\u00a0\u00bb button_two_border_radius__hover_enabled=\u00a0\u00bboff\u00a0\u00bb button_letter_spacing__hover_enabled=\u00a0\u00bboff\u00a0\u00bb button_one_letter_spacing__hover_enabled=\u00a0\u00bboff\u00a0\u00bb button_two_letter_spacing__hover_enabled=\u00a0\u00bboff\u00a0\u00bb button_bg_color__hover_enabled=\u00a0\u00bboff\u00a0\u00bb button_one_bg_color__hover_enabled=\u00a0\u00bboff\u00a0\u00bb button_two_bg_color__hover_enabled=\u00a0\u00bboff\u00a0\u00bb][\/et_pb_contact_field][\/et_pb_contact_form][et_pb_image src=\u00a0\u00bbhttps:\/\/pompes-funebres-valais.ch\/wp-content\/uploads\/2021\/02\/bouquet-142876_1920.jpg\u00a0\u00bb title_text=\u00a0\u00bbbouquet-142876_1920&Prime; _builder_version=\u00a0\u00bb4.9.0&Prime; _module_preset=\u00a0\u00bbdefault\u00a0\u00bb custom_padding=\u00a0\u00bb|30px|83px|30px|false|true\u00a0\u00bb custom_padding_tablet=\u00a0\u00bb\u00a0\u00bb custom_padding_phone=\u00a0\u00bb\u00a0\u00bb custom_padding_last_edited=\u00a0\u00bbon|desktop\u00a0\u00bb][\/et_pb_image][\/et_pb_column][et_pb_column type=\u00a0\u00bb2_3&Prime; _builder_version=\u00a0\u00bb4.9.0&Prime; _module_preset=\u00a0\u00bbdefault\u00a0\u00bb][et_pb_text _builder_version=\u00a0\u00bb4.9.0&Prime; _module_preset=\u00a0\u00bbdefault\u00a0\u00bb text_line_height=\u00a0\u00bb2em\u00a0\u00bb custom_margin=\u00a0\u00bb||-2px|||\u00a0\u00bb]<\/p>\n<h2>Comment d\u00e9montrer votre sympathie ?<\/h2>\n<p>[\/et_pb_text][et_pb_text _builder_version=\u00a0\u00bb4.9.0&Prime; _module_preset=\u00a0\u00bbdefault\u00a0\u00bb text_text_color=\u00a0\u00bb#000000&Prime; text_font_size=\u00a0\u00bb17px\u00a0\u00bb text_line_height=\u00a0\u00bb1.5em\u00a0\u00bb]<\/p>\n<p><span>Lors de d\u00e9c\u00e8s, d\u00e9montrer sa sympathie aux personnes endeuill\u00e9es est tr\u00e8s apr\u00e9ci\u00e9. La question nous est souvent pos\u00e9e de savoir comment le faire ?\u00a0 Assister \u00e0 la veill\u00e9e ou\/et \u00e0 la c\u00e9r\u00e9monie fun\u00e9raire est une mani\u00e8re de d\u00e9montrer sa sympathie, mais vous pouvez aussi bien \u00e9crire une lettre, envoyer des fleurs ou un cadeau, ou simplement \u00eatre disponible pour partager un moment ou un souvenir avec les personnes en deuil. Et n&rsquo;oubliez pas que ces gestes seront non seulement apr\u00e9ci\u00e9s les jours de c\u00e9r\u00e9monie, mais \u00e9galement durant les semaines et les mois qui suivent le d\u00e9c\u00e8s.<\/span><\/p>\n<p>[\/et_pb_text][et_pb_text _builder_version=\u00a0\u00bb4.9.0&Prime; _module_preset=\u00a0\u00bbdefault\u00a0\u00bb text_line_height=\u00a0\u00bb2em\u00a0\u00bb custom_margin=\u00a0\u00bb44px||1px|||\u00a0\u00bb]<\/p>\n<h2>Que dire lors d&rsquo;un d\u00e9c\u00e8s ?<\/h2>\n<p>[\/et_pb_text][et_pb_text _builder_version=\u00a0\u00bb4.9.0&Prime; _module_preset=\u00a0\u00bbdefault\u00a0\u00bb text_text_color=\u00a0\u00bb#000000&Prime; text_font_size=\u00a0\u00bb17px\u00a0\u00bb text_line_height=\u00a0\u00bb1.5em\u00a0\u00bb]<\/p>\n<p><span>On se demande souvent que dire \u00e0 une personne en deuil. Etant donn\u00e9 la situation dans laquelle se trouvent les personnes endeuill\u00e9es, un simple \u00ab\u00a0condol\u00e9ance\u00a0\u00bb ou \u00ab\u00a0je suis l\u00e0 pour toi\u00a0\u00bb sera toujours tr\u00e8s bien re\u00e7u. Si vous \u00eates un peu plus proche des personnes touch\u00e9es pas un d\u00e9c\u00e8s, vous pouvez, en plus d&rsquo;assister aux fun\u00e9railles, leur faire parvenir un cadeau ou m\u00eame leur apporter un repas. Mais le plus important demeure de rester humble et de ne pas surjouer votre peine; c&rsquo;est pourquoi souvent un simple regard sinc\u00e8re, accompagn\u00e9 d&rsquo;une poign\u00e9e de main ou d&rsquo;une accolade sera la plus sinc\u00e8re marque d&rsquo;estime et d&rsquo;affection.<\/span><\/p>\n<p>[\/et_pb_text][et_pb_text _builder_version=\u00a0\u00bb4.9.0&Prime; _module_preset=\u00a0\u00bbdefault\u00a0\u00bb text_line_height=\u00a0\u00bb2em\u00a0\u00bb custom_margin=\u00a0\u00bb49px||-2px|||\u00a0\u00bb]<\/p>\n<h2>Quoi \u00e9crire dans une carte de condol\u00e9ances ?<\/h2>\n<p>[\/et_pb_text][et_pb_text _builder_version=\u00a0\u00bb4.9.0&Prime; _module_preset=\u00a0\u00bbdefault\u00a0\u00bb text_text_color=\u00a0\u00bb#000000&Prime; text_font_size=\u00a0\u00bb17px\u00a0\u00bb text_line_height=\u00a0\u00bb1.5em\u00a0\u00bb]<\/p>\n<p>Nombre de personnes souhaitent adresser une carte de sympathie \u00e0 la famille ou aux proches en deuil, mais ils ne savent pas quels mots mettre sur cette missive. Fort de notre longue exp\u00e9rience, nous vous conseillons volontiers et trouvons avec vous les quelques mots \u00e0 y inscrire, en fonction de votre degr\u00e8s d&rsquo;intimit\u00e9. N&rsquo;h\u00e9sitez pas \u00e0 vous tourner vers nous pour vous aider \u00e0 la r\u00e9diger.<\/p>\n<p>[\/et_pb_text][et_pb_image src=\u00a0\u00bbhttps:\/\/pompes-funebres-valais.ch\/wp-content\/uploads\/2021\/02\/gerbera-2090835_1920.jpg\u00a0\u00bb title_text=\u00a0\u00bbgerbera-2090835_1920&Prime; _builder_version=\u00a0\u00bb4.9.0&Prime; _module_preset=\u00a0\u00bbdefault\u00a0\u00bb][\/et_pb_image][\/et_pb_column][\/et_pb_row][\/et_pb_section]<\/p>\n","protected":false},"excerpt":{"rendered":"<p>Conseils aux proches\u00a0 Depuis 30 ans avec les famillesaccompagner le deuil Comment faire juste ? Lorsque la mort survient, le deuil est une des p\u00e9riodes les plus difficile \u00e0 g\u00e9rer pour les proches du d\u00e9funt. Chaque personne vivra son deuil et sera affect\u00e9e de fa\u00e7on diff\u00e9rente. Mais dans ces moments-l\u00e0 il est toujours agr\u00e9able de [&hellip;]<\/p>\n","protected":false},"author":1,"featured_media":0,"parent":0,"menu_order":50,"comment_status":"closed","ping_status":"closed","template":"","meta":{"_et_pb_use_builder":"on","_et_pb_old_content":"<!-- wp:divi\/placeholder \/-->","_et_gb_content_width":"","footnotes":""},"class_list":["post-24","page","type-page","status-publish","hentry"],"yoast_head":"<!-- This site is optimized with the Yoast SEO plugin v27.5 - https:\/\/yoast.com\/product\/yoast-seo-wordpress\/ -->\n<title>Pompes Fun\u00e8bres Valais - Suisse - A vos c\u00f4t\u00e9s dans vos plus durs moments<\/title>\n<meta name=\"description\" content=\"Entreprise jeune et dynamique, unie et sympathique, exp\u00e9riment\u00e9e et tourn\u00e9e vers un seul but commun: celui de bien vous entourer et de vous servir au mieux pour le plus bel hommage de vos chers d\u00e9funts et pour votre bien-\u00eatre personnel.\" \/>\n<meta name=\"robots\" content=\"index, follow, max-snippet:-1, max-image-preview:large, max-video-preview:-1\" \/>\n<link rel=\"canonical\" href=\"https:\/\/pompes-funebres-valais.ch\/it\/al-tuo-fianco\/\" \/>\n<meta property=\"og:locale\" content=\"it_IT\" \/>\n<meta property=\"og:type\" content=\"article\" \/>\n<meta property=\"og:title\" content=\"Pompes Fun\u00e8bres Valais - Suisse - A vos c\u00f4t\u00e9s dans vos plus durs moments\" \/>\n<meta property=\"og:description\" content=\"Entreprise jeune et dynamique, unie et sympathique, exp\u00e9riment\u00e9e et tourn\u00e9e vers un seul but commun: celui de bien vous entourer et de vous servir au mieux pour le plus bel hommage de vos chers d\u00e9funts et pour votre bien-\u00eatre personnel.\" \/>\n<meta property=\"og:url\" content=\"https:\/\/pompes-funebres-valais.ch\/it\/al-tuo-fianco\/\" \/>\n<meta property=\"og:site_name\" content=\"Pompes fun\u00e8bres Valais, A vos c\u00f4t\u00e9s dans vos plus durs moments\" \/>\n<meta property=\"article:modified_time\" content=\"2021-07-27T12:41:06+00:00\" \/>\n<meta name=\"twitter:card\" content=\"summary_large_image\" \/>\n<meta name=\"twitter:label1\" content=\"Tempo di lettura stimato\" \/>\n\t<meta name=\"twitter:data1\" content=\"10 minuti\" \/>\n<script type=\"application\/ld+json\" class=\"yoast-schema-graph\">{\"@context\":\"https:\\\/\\\/schema.org\",\"@graph\":[{\"@type\":\"WebPage\",\"@id\":\"https:\\\/\\\/pompes-funebres-valais.ch\\\/a-vos-cotes\\\/\",\"url\":\"https:\\\/\\\/pompes-funebres-valais.ch\\\/a-vos-cotes\\\/\",\"name\":\"Pompes Fun\u00e8bres Valais - Suisse - A vos c\u00f4t\u00e9s dans vos plus durs moments\",\"isPartOf\":{\"@id\":\"https:\\\/\\\/pompes-funebres-valais.ch\\\/#website\"},\"datePublished\":\"2021-02-14T12:41:45+00:00\",\"dateModified\":\"2021-07-27T12:41:06+00:00\",\"description\":\"Entreprise jeune et dynamique, unie et sympathique, exp\u00e9riment\u00e9e et tourn\u00e9e vers un seul but commun: celui de bien vous entourer et de vous servir au mieux pour le plus bel hommage de vos chers d\u00e9funts et pour votre bien-\u00eatre personnel.\",\"breadcrumb\":{\"@id\":\"https:\\\/\\\/pompes-funebres-valais.ch\\\/a-vos-cotes\\\/#breadcrumb\"},\"inLanguage\":\"it-IT\",\"potentialAction\":[{\"@type\":\"ReadAction\",\"target\":[\"https:\\\/\\\/pompes-funebres-valais.ch\\\/a-vos-cotes\\\/\"]}]},{\"@type\":\"BreadcrumbList\",\"@id\":\"https:\\\/\\\/pompes-funebres-valais.ch\\\/a-vos-cotes\\\/#breadcrumb\",\"itemListElement\":[{\"@type\":\"ListItem\",\"position\":1,\"name\":\"Accueil\",\"item\":\"https:\\\/\\\/pompes-funebres-valais.ch\\\/\"},{\"@type\":\"ListItem\",\"position\":2,\"name\":\"A vos c\u00f4t\u00e9s\"}]},{\"@type\":\"WebSite\",\"@id\":\"https:\\\/\\\/pompes-funebres-valais.ch\\\/#website\",\"url\":\"https:\\\/\\\/pompes-funebres-valais.ch\\\/\",\"name\":\"Pompes fun\u00e8bres Valais, A vos c\u00f4t\u00e9s dans vos plus durs moments\",\"description\":\"A vos c\u00f4t\u00e9s dans vos plus durs moments\",\"publisher\":{\"@id\":\"https:\\\/\\\/pompes-funebres-valais.ch\\\/#organization\"},\"potentialAction\":[{\"@type\":\"SearchAction\",\"target\":{\"@type\":\"EntryPoint\",\"urlTemplate\":\"https:\\\/\\\/pompes-funebres-valais.ch\\\/?s={search_term_string}\"},\"query-input\":{\"@type\":\"PropertyValueSpecification\",\"valueRequired\":true,\"valueName\":\"search_term_string\"}}],\"inLanguage\":\"it-IT\"},{\"@type\":\"Organization\",\"@id\":\"https:\\\/\\\/pompes-funebres-valais.ch\\\/#organization\",\"name\":\"Pompes Fun\u00e8bres Valais Suisse\",\"url\":\"https:\\\/\\\/pompes-funebres-valais.ch\\\/\",\"logo\":{\"@type\":\"ImageObject\",\"inLanguage\":\"it-IT\",\"@id\":\"https:\\\/\\\/pompes-funebres-valais.ch\\\/#\\\/schema\\\/logo\\\/image\\\/\",\"url\":\"https:\\\/\\\/pompes-funebres-valais.ch\\\/wp-content\\\/uploads\\\/2021\\\/02\\\/Rond-soleil-1.png\",\"contentUrl\":\"https:\\\/\\\/pompes-funebres-valais.ch\\\/wp-content\\\/uploads\\\/2021\\\/02\\\/Rond-soleil-1.png\",\"width\":509,\"height\":469,\"caption\":\"Pompes Fun\u00e8bres Valais Suisse\"},\"image\":{\"@id\":\"https:\\\/\\\/pompes-funebres-valais.ch\\\/#\\\/schema\\\/logo\\\/image\\\/\"}}]}<\/script>\n<!-- \/ Yoast SEO plugin. -->","yoast_head_json":{"title":"Onoranze funebri Vallese - Svizzera - Al tuo fianco nei momenti pi\u00f9 difficili","description":"Un&#039;azienda giovane e dinamica, unita e amichevole, esperta e focalizzata su un unico obiettivo comune: quello di circondarti bene e servirti al meglio per il pi\u00f9 bel omaggio del tuo caro defunto e per il tuo benessere personale.","robots":{"index":"index","follow":"follow","max-snippet":"max-snippet:-1","max-image-preview":"max-image-preview:large","max-video-preview":"max-video-preview:-1"},"canonical":"https:\/\/pompes-funebres-valais.ch\/it\/al-tuo-fianco\/","og_locale":"it_IT","og_type":"article","og_title":"Pompes Fun\u00e8bres Valais - Suisse - A vos c\u00f4t\u00e9s dans vos plus durs moments","og_description":"Entreprise jeune et dynamique, unie et sympathique, exp\u00e9riment\u00e9e et tourn\u00e9e vers un seul but commun: celui de bien vous entourer et de vous servir au mieux pour le plus bel hommage de vos chers d\u00e9funts et pour votre bien-\u00eatre personnel.","og_url":"https:\/\/pompes-funebres-valais.ch\/it\/al-tuo-fianco\/","og_site_name":"Pompes fun\u00e8bres Valais, A vos c\u00f4t\u00e9s dans vos plus durs moments","article_modified_time":"2021-07-27T12:41:06+00:00","twitter_card":"summary_large_image","twitter_misc":{"Tempo di lettura stimato":"10 minuti"},"schema":{"@context":"https:\/\/schema.org","@graph":[{"@type":"WebPage","@id":"https:\/\/pompes-funebres-valais.ch\/a-vos-cotes\/","url":"https:\/\/pompes-funebres-valais.ch\/a-vos-cotes\/","name":"Onoranze funebri Vallese - Svizzera - Al tuo fianco nei momenti pi\u00f9 difficili","isPartOf":{"@id":"https:\/\/pompes-funebres-valais.ch\/#website"},"datePublished":"2021-02-14T12:41:45+00:00","dateModified":"2021-07-27T12:41:06+00:00","description":"Un&#039;azienda giovane e dinamica, unita e amichevole, esperta e focalizzata su un unico obiettivo comune: quello di circondarti bene e servirti al meglio per il pi\u00f9 bel omaggio del tuo caro defunto e per il tuo benessere personale.","breadcrumb":{"@id":"https:\/\/pompes-funebres-valais.ch\/a-vos-cotes\/#breadcrumb"},"inLanguage":"it-IT","potentialAction":[{"@type":"ReadAction","target":["https:\/\/pompes-funebres-valais.ch\/a-vos-cotes\/"]}]},{"@type":"BreadcrumbList","@id":"https:\/\/pompes-funebres-valais.ch\/a-vos-cotes\/#breadcrumb","itemListElement":[{"@type":"ListItem","position":1,"name":"Accueil","item":"https:\/\/pompes-funebres-valais.ch\/"},{"@type":"ListItem","position":2,"name":"A vos c\u00f4t\u00e9s"}]},{"@type":"WebSite","@id":"https:\/\/pompes-funebres-valais.ch\/#website","url":"https:\/\/pompes-funebres-valais.ch\/","name":"Direttori funebri vallesani, al tuo fianco nei momenti pi\u00f9 difficili","description":"Al tuo fianco nei momenti pi\u00f9 difficili","publisher":{"@id":"https:\/\/pompes-funebres-valais.ch\/#organization"},"potentialAction":[{"@type":"SearchAction","target":{"@type":"EntryPoint","urlTemplate":"https:\/\/pompes-funebres-valais.ch\/?s={search_term_string}"},"query-input":{"@type":"PropertyValueSpecification","valueRequired":true,"valueName":"search_term_string"}}],"inLanguage":"it-IT"},{"@type":"Organization","@id":"https:\/\/pompes-funebres-valais.ch\/#organization","name":"Direttori funebri Vallese Svizzera","url":"https:\/\/pompes-funebres-valais.ch\/","logo":{"@type":"ImageObject","inLanguage":"it-IT","@id":"https:\/\/pompes-funebres-valais.ch\/#\/schema\/logo\/image\/","url":"https:\/\/pompes-funebres-valais.ch\/wp-content\/uploads\/2021\/02\/Rond-soleil-1.png","contentUrl":"https:\/\/pompes-funebres-valais.ch\/wp-content\/uploads\/2021\/02\/Rond-soleil-1.png","width":509,"height":469,"caption":"Pompes Fun\u00e8bres Valais Suisse"},"image":{"@id":"https:\/\/pompes-funebres-valais.ch\/#\/schema\/logo\/image\/"}}]}},"_links":{"self":[{"href":"https:\/\/pompes-funebres-valais.ch\/it\/wp-json\/wp\/v2\/pages\/24","targetHints":{"allow":["GET"]}}],"collection":[{"href":"https:\/\/pompes-funebres-valais.ch\/it\/wp-json\/wp\/v2\/pages"}],"about":[{"href":"https:\/\/pompes-funebres-valais.ch\/it\/wp-json\/wp\/v2\/types\/page"}],"author":[{"embeddable":true,"href":"https:\/\/pompes-funebres-valais.ch\/it\/wp-json\/wp\/v2\/users\/1"}],"replies":[{"embeddable":true,"href":"https:\/\/pompes-funebres-valais.ch\/it\/wp-json\/wp\/v2\/comments?post=24"}],"version-history":[{"count":0,"href":"https:\/\/pompes-funebres-valais.ch\/it\/wp-json\/wp\/v2\/pages\/24\/revisions"}],"wp:attachment":[{"href":"https:\/\/pompes-funebres-valais.ch\/it\/wp-json\/wp\/v2\/media?parent=24"}],"curies":[{"name":"wp","href":"https:\/\/api.w.org\/{rel}","templated":true}]}}