{"id":1179,"date":"2021-03-17T07:31:11","date_gmt":"2021-03-17T06:31:11","guid":{"rendered":"https:\/\/pompes-funebres-suisse.ch\/?page_id=1179"},"modified":"2021-03-17T10:19:01","modified_gmt":"2021-03-17T09:19:01","slug":"compiti-assegnati-alle-imprese-di-pompe-funebri","status":"publish","type":"page","link":"https:\/\/pompes-funebres-valais.ch\/it\/taches-devolues-aux-entreprises-de-pompes-funebres\/","title":{"rendered":"Compiti assegnati ai direttori funebri"},"content":{"rendered":"<p>[et_pb_section fb_built=\u00a0\u00bb1&Prime; _builder_version=\u00a0\u00bb4.9.0&Prime; _module_preset=\u00a0\u00bbdefault\u00a0\u00bb use_background_color_gradient=\u00a0\u00bbon\u00a0\u00bb background_color_gradient_start=\u00a0\u00bb#605f5e\u00a0\u00bb background_color_gradient_end=\u00a0\u00bb#eeebe6&Prime; background_image=\u00a0\u00bbhttps:\/\/pompes-funebres-suisse.ch\/wp-content\/uploads\/2021\/02\/cemetary-5111823_1920.jpg\u00a0\u00bb background_blend=\u00a0\u00bbmultiply\u00a0\u00bb][et_pb_row column_structure=\u00a0\u00bb3_4,1_4&Prime; _builder_version=\u00a0\u00bb4.9.0&Prime; _module_preset=\u00a0\u00bbdefault\u00a0\u00bb][et_pb_column type=\u00a0\u00bb3_4&Prime; _builder_version=\u00a0\u00bb4.9.0&Prime; _module_preset=\u00a0\u00bbdefault\u00a0\u00bb][et_pb_text _builder_version=\u00a0\u00bb4.9.0&Prime; _module_preset=\u00a0\u00bbdefault\u00a0\u00bb text_text_color=\u00a0\u00bb#FFFFFF\u00a0\u00bb header_text_color=\u00a0\u00bb#FFFFFF\u00a0\u00bb header_3_text_color=\u00a0\u00bb#FFFFFF\u00a0\u00bb custom_margin=\u00a0\u00bb50px||||false|false\u00a0\u00bb custom_margin_tablet=\u00a0\u00bb\u00a0\u00bb custom_margin_phone=\u00a0\u00bb\u00a0\u00bb custom_margin_last_edited=\u00a0\u00bbon|desktop\u00a0\u00bb custom_padding=\u00a0\u00bb||17px|||\u00a0\u00bb hover_enabled=\u00a0\u00bb0&Prime; header_font_size_tablet=\u00a0\u00bb\u00a0\u00bb header_font_size_phone=\u00a0\u00bb40px\u00a0\u00bb header_font_size_last_edited=\u00a0\u00bbon|phone\u00a0\u00bb header_3_font_size_tablet=\u00a0\u00bb\u00a0\u00bb header_3_font_size_phone=\u00a0\u00bb25px\u00a0\u00bb header_3_font_size_last_edited=\u00a0\u00bbon|phone\u00a0\u00bb sticky_enabled=\u00a0\u00bb0&Prime;]<\/p>\n<h3><span class=\"lh-1\"><span>Jour\u00a0 et Nuit &#8211; Pompes Fun\u00e8bres<\/span><\/span><\/h3>\n<h1>Prestations des Pompes Fun\u00e8bres<span class=\"lh-1 m-font-size-36 font-size-48\"><span><b>\u00a0<\/b><\/span><\/span><\/h1>\n<p>[\/et_pb_text][\/et_pb_column][et_pb_column type=\u00a0\u00bb1_4&Prime; _builder_version=\u00a0\u00bb4.9.0&Prime; _module_preset=\u00a0\u00bbdefault\u00a0\u00bb][\/et_pb_column][\/et_pb_row][\/et_pb_section][et_pb_section fb_built=\u00a0\u00bb1&Prime; _builder_version=\u00a0\u00bb4.9.0&Prime; _module_preset=\u00a0\u00bbdefault\u00a0\u00bb custom_padding=\u00a0\u00bb||0px|||\u00a0\u00bb hover_enabled=\u00a0\u00bb0&Prime; sticky_enabled=\u00a0\u00bb0&Prime;][et_pb_row column_structure=\u00a0\u00bb1_3,2_3&Prime; _builder_version=\u00a0\u00bb4.9.0&Prime; _module_preset=\u00a0\u00bbdefault\u00a0\u00bb custom_padding=\u00a0\u00bb13px|||||\u00a0\u00bb][et_pb_column type=\u00a0\u00bb1_3&Prime; _builder_version=\u00a0\u00bb4.9.0&Prime; _module_preset=\u00a0\u00bbdefault\u00a0\u00bb background_color=\u00a0\u00bb#EEEBE6&Prime;][et_pb_text _builder_version=\u00a0\u00bb4.9.0&Prime; _module_preset=\u00a0\u00bbdefault\u00a0\u00bb text_font_size=\u00a0\u00bb13px\u00a0\u00bb text_line_height=\u00a0\u00bb1.6em\u00a0\u00bb header_font_size=\u00a0\u00bb36px\u00a0\u00bb header_line_height=\u00a0\u00bb1.3em\u00a0\u00bb header_4_font_size=\u00a0\u00bb24px\u00a0\u00bb header_5_font=\u00a0\u00bbLato|900||on|||||\u00a0\u00bb header_5_text_color=\u00a0\u00bb#605F5E\u00a0\u00bb header_5_font_size=\u00a0\u00bb14px\u00a0\u00bb header_5_letter_spacing=\u00a0\u00bb3px\u00a0\u00bb header_5_line_height=\u00a0\u00bb2em\u00a0\u00bb background_color=\u00a0\u00bb#EEEBE6&Prime; custom_margin=\u00a0\u00bb-180px||||false|false\u00a0\u00bb custom_padding=\u00a0\u00bb35px|30px||30px|false|true\u00a0\u00bb custom_padding_tablet=\u00a0\u00bb\u00a0\u00bb custom_padding_phone=\u00a0\u00bb\u00a0\u00bb custom_padding_last_edited=\u00a0\u00bbon|desktop\u00a0\u00bb hover_enabled=\u00a0\u00bb0&Prime; sticky_enabled=\u00a0\u00bb0&Prime;]<\/p>\n<h5><span class=\"lh-1\">appelez nous<\/span><\/h5>\n<h1><span class=\"lh-1\">Conseils et soutien<\/span><\/h1>\n<div><span class=\"lh-1 font-size-36\"><b>Nous vous conseillerons\u00a0<\/b><\/span><span class=\"lh-1 font-size-36\"><b>et vous apporterons un soutien adapt\u00e9 \u00e0 vos besoins<\/b><\/span><\/div>\n<p><span class=\"lh-1\"><span><\/span><\/span><\/p>\n<p><em><span class=\"lh-1\">Entour\u00e9s d\u2019une \u00e9quipe sympathique, parfaitement form\u00e9e et inform\u00e9e, nous nous tenons \u00e0 votre enti\u00e8re disposition, vous apporterons tout le soutien et la discr\u00e9tion qu\u2019il convient en \u00e9tant disponible pour vous en tout temps, afin de tout organiser dans les moindres d\u00e9tails et vous accompagner dans ces difficiles moments, avec respect et dignit\u00e9.<\/span><\/em><\/p>\n<div style=\"text-align: justify;\"><em><span class=\"lh-1\"><span><\/span><\/span><\/em><\/div>\n<p>[\/et_pb_text][et_pb_button button_url=\u00a0\u00bbtel:+41794494418&Prime; button_text=\u00a0\u00bb079 449 44 18&Prime; button_alignment=\u00a0\u00bbcenter\u00a0\u00bb _builder_version=\u00a0\u00bb4.9.0&Prime; _module_preset=\u00a0\u00bbdefault\u00a0\u00bb custom_button=\u00a0\u00bbon\u00a0\u00bb button_text_size=\u00a0\u00bb14px\u00a0\u00bb button_text_color=\u00a0\u00bb#FFFFFF\u00a0\u00bb button_bg_color=\u00a0\u00bb#000000&Prime; button_border_color=\u00a0\u00bb#000000&Prime; button_letter_spacing=\u00a0\u00bb3px\u00a0\u00bb button_font=\u00a0\u00bb||||||||\u00a0\u00bb button_icon=\u00a0\u00bb%%264%%\u00a0\u00bb button_icon_placement=\u00a0\u00bbleft\u00a0\u00bb button_on_hover=\u00a0\u00bboff\u00a0\u00bb custom_padding=\u00a0\u00bb15px|40px|15px|60px|true|false\u00a0\u00bb custom_padding_tablet=\u00a0\u00bb\u00a0\u00bb custom_padding_phone=\u00a0\u00bb\u00a0\u00bb custom_padding_last_edited=\u00a0\u00bbon|desktop\u00a0\u00bb][\/et_pb_button][et_pb_image src=\u00a0\u00bbhttps:\/\/pompes-funebres-suisse.ch\/wp-content\/uploads\/2021\/03\/fence-470221_1920.jpg\u00a0\u00bb title_text=\u00a0\u00bbfence-470221_1920&Prime; _builder_version=\u00a0\u00bb4.9.0&Prime; _module_preset=\u00a0\u00bbdefault\u00a0\u00bb custom_padding=\u00a0\u00bb|30px|35px|30px|false|true\u00a0\u00bb custom_padding_tablet=\u00a0\u00bb\u00a0\u00bb custom_padding_phone=\u00a0\u00bb\u00a0\u00bb custom_padding_last_edited=\u00a0\u00bbon|desktop\u00a0\u00bb][\/et_pb_image][et_pb_image src=\u00a0\u00bbhttps:\/\/pompes-funebres-suisse.ch\/wp-content\/uploads\/2021\/03\/adventure-1807524_1920.jpg\u00a0\u00bb title_text=\u00a0\u00bbadventure-1807524_1920&Prime; _builder_version=\u00a0\u00bb4.9.0&Prime; _module_preset=\u00a0\u00bbdefault\u00a0\u00bb custom_padding=\u00a0\u00bb|30px|35px|30px|false|true\u00a0\u00bb custom_padding_tablet=\u00a0\u00bb\u00a0\u00bb custom_padding_phone=\u00a0\u00bb\u00a0\u00bb custom_padding_last_edited=\u00a0\u00bbon|desktop\u00a0\u00bb hover_enabled=\u00a0\u00bb0&Prime; sticky_enabled=\u00a0\u00bb0&Prime;][\/et_pb_image][et_pb_image src=\u00a0\u00bbhttps:\/\/pompes-funebres-suisse.ch\/wp-content\/uploads\/2021\/02\/benches-560435_1920.jpg\u00a0\u00bb title_text=\u00a0\u00bbbenches-560435_1920&Prime; _builder_version=\u00a0\u00bb4.9.0&Prime; _module_preset=\u00a0\u00bbdefault\u00a0\u00bb custom_padding=\u00a0\u00bb|30px|35px|30px|false|true\u00a0\u00bb custom_padding_tablet=\u00a0\u00bb\u00a0\u00bb custom_padding_phone=\u00a0\u00bb\u00a0\u00bb custom_padding_last_edited=\u00a0\u00bbon|desktop\u00a0\u00bb][\/et_pb_image][\/et_pb_column][et_pb_column type=\u00a0\u00bb2_3&Prime; _builder_version=\u00a0\u00bb4.9.0&Prime; _module_preset=\u00a0\u00bbdefault\u00a0\u00bb][et_pb_text _builder_version=\u00a0\u00bb4.9.0&Prime; _module_preset=\u00a0\u00bbdefault\u00a0\u00bb text_line_height=\u00a0\u00bb2em\u00a0\u00bb custom_margin=\u00a0\u00bb-18px||10px||false|false\u00a0\u00bb hover_enabled=\u00a0\u00bb0&Prime; sticky_enabled=\u00a0\u00bb0&Prime;]<\/p>\n<h1>T\u00e2ches d\u00e9volues \u00e0 l&rsquo;entreprise des Pompes Fun\u00e8bres<\/h1>\n<p>[\/et_pb_text][et_pb_text _builder_version=\u00a0\u00bb4.9.0&Prime; _module_preset=\u00a0\u00bbdefault\u00a0\u00bb text_text_color=\u00a0\u00bb#000000&Prime; text_font_size=\u00a0\u00bb17px\u00a0\u00bb text_line_height=\u00a0\u00bb1.5em\u00a0\u00bb hover_enabled=\u00a0\u00bb0&Prime; sticky_enabled=\u00a0\u00bb0&Prime; custom_margin=\u00a0\u00bb||20px|||\u00a0\u00bb]<\/p>\n<div><span class=\"font-size-24 lh-1\">De nos jours, les entreprises des Pompes Fun\u00e8bres s&rsquo;occupent de tout et prennent tout en charge, ceci afin qu&rsquo;aucun petit d\u00e9tail ne soit oubli\u00e9.<\/span><\/div>\n<div><span class=\"font-size-24 lh-1\">\u00a0 \u00a0 \u00a0 \u00a0 \u00a0 \u00a0 \u00a0 \u00a0 \u00a0 \u00a0\u00a0<\/span><\/div>\n<div><span class=\"font-size-24 lh-1\">Tout est organis\u00e9 de mani\u00e8re m\u00e9thodique et effectu\u00e9 en accord avec la famille endeuill\u00e9e, laquelle peut, si elle le d\u00e9sire, assister et m\u00eame apporter son aide aux diff\u00e9rentes t\u00e2ches ci-dessous, inh\u00e9rentes au d\u00e9c\u00e8s.\u00a0<\/span><\/div>\n<div><span class=\"font-size-24 lh-1\">\u00a0<\/span><\/div>\n<div><span class=\"font-size-24 lh-1\">Le professionnalisme ne doit pas emp\u00eacher la participation des familles \u00e0 ces diff\u00e9rentes t\u00e2ches, qui sont r\u00e9alis\u00e9es autours et pour votre cher(\u00e8re) d\u00e9funt(e).\u00a0<\/span><span style=\"font-size: 17px;\">Les gestes accomplis par les proches ont un sens. Ils ont une valeur th\u00e9rapeutique.<\/span><\/div>\n<div>\n<p><span class=\"font-size-24 lh-1\"><span><\/span><\/span><\/p>\n<\/div>\n<p>[\/et_pb_text][et_pb_text _builder_version=\u00a0\u00bb4.9.0&Prime; _module_preset=\u00a0\u00bbdefault\u00a0\u00bb text_text_color=\u00a0\u00bb#000000&Prime; text_font_size=\u00a0\u00bb17px\u00a0\u00bb text_line_height=\u00a0\u00bb0em\u00a0\u00bb hover_enabled=\u00a0\u00bb0&Prime; sticky_enabled=\u00a0\u00bb0&Prime;]<\/p>\n<h4>Formalit\u00e9s:<\/h4>\n<div><em>(de plus en plus effectu\u00e9es par l&rsquo;entreprise des Pompes Fun\u00e8bres)<span class=\"font-size-24 lh-1\">\u00a0<\/span><\/em><\/div>\n<p>[\/et_pb_text][et_pb_text _builder_version=\u00a0\u00bb4.9.0&Prime; _module_preset=\u00a0\u00bbdefault\u00a0\u00bb text_text_color=\u00a0\u00bb#000000&Prime; text_font_size=\u00a0\u00bb17px\u00a0\u00bb text_line_height=\u00a0\u00bb1.5em\u00a0\u00bb hover_enabled=\u00a0\u00bb0&Prime; sticky_enabled=\u00a0\u00bb0&Prime; custom_margin=\u00a0\u00bb0px||||false|false\u00a0\u00bb]<\/p>\n<div>\n<ul class=\"innerList defaultList\">\n<li><span class=\"font-size-24 lh-1\"><strong>Permis d&rsquo;inhumer<\/strong>, \u00e9tabli par l&rsquo;officier d&rsquo;\u00e9tat civil, sur la base du certificat de d\u00e9c\u00e8s d\u00e9livr\u00e9 par le m\u00e9decin ayant constat\u00e9 le d\u00e9c\u00e8s, ainsi que du livret de famille remis par la famille;<\/span><\/li>\n<\/ul>\n<\/div>\n<div>\n<ul class=\"innerList defaultList\">\n<li><span class=\"font-size-24 lh-1\"><strong>Acte(s) de d\u00e9c\u00e8s<\/strong>, si d\u00e9sir\u00e9, pour annoncer le d\u00e9c\u00e8s aux diff\u00e9rentes assurances de votre cher(\u00e8re) d\u00e9funt(e);<br \/> <\/span><\/li>\n<\/ul>\n<\/div>\n<div>\n<ul class=\"innerList defaultList\">\n<li><span class=\"font-size-24 lh-1\"><strong>Dossier pour la cr\u00e9mation<\/strong>, afin de permettre la cr\u00e9mation du corps, s&rsquo;il y a lieu;<\/span><\/li>\n<\/ul>\n<\/div>\n<div>\n<ul class=\"innerList defaultList\">\n<li><span class=\"font-size-24 lh-1\"><strong>Contacts<\/strong> avec l\u2019\u00e9tat civil, la paroisse, l&rsquo;administration communale, le service technique, la police municipale, le centre fun\u00e9raire, les fossoyeurs, le marbrier, etc.\u00a0\u00a0<\/span><\/li>\n<\/ul>\n<\/div>\n<div>\n<ul class=\"innerList defaultList\">\n<li><span class=\"font-size-24 lh-1\"><strong>Faire-part<\/strong> dans les journaux, indiqu\u00e9 par mesure de commodit\u00e9, sans \u00eatre toutefois obligatoire;<\/span><\/li>\n<\/ul>\n<\/div>\n<div>\n<ul class=\"innerList defaultList\">\n<li><span class=\"font-size-24 lh-1\"><span><strong>R\u00e9servations<\/strong> du\/des caf\u00e9(s) et restaurant(s) pour la r\u00e9ception de la famille, des ami(e)s, des soci\u00e9t\u00e9s, des clubs, des contemporains, etc., apr\u00e8s les obs\u00e8ques = recommand\u00e9 selon les us et coutumes de l&rsquo;endroit, sans \u00eatre toutefois obligatoire.<\/span><\/span><span class=\"font-size-24 lh-1\"><span><\/span><\/span><\/li>\n<\/ul>\n<ul>\n<li><span class=\"font-size-24 lh-1\"><strong>Aide-m\u00e9moire apr\u00e8s d\u00e9c\u00e8s<\/strong>, fiche remise par les Pompes Fun\u00e8bres, des modalit\u00e9s \u00e0 accomplir par la famille;\u00a0<\/span><\/li>\n<\/ul>\n<ul class=\"innerList defaultList\">\n<li><strong><span class=\"font-size-24 lh-1\">Etc<\/span><\/strong><\/li>\n<\/ul>\n<\/div>\n<p>[\/et_pb_text][\/et_pb_column][\/et_pb_row][\/et_pb_section]<\/p>\n","protected":false},"excerpt":{"rendered":"<p>Jour\u00a0 et Nuit &#8211; Pompes Fun\u00e8bres Prestations des Pompes Fun\u00e8bres\u00a0appelez nous Conseils et soutien Nous vous conseillerons\u00a0et vous apporterons un soutien adapt\u00e9 \u00e0 vos besoins Entour\u00e9s d\u2019une \u00e9quipe sympathique, parfaitement form\u00e9e et inform\u00e9e, nous nous tenons \u00e0 votre enti\u00e8re disposition, vous apporterons tout le soutien et la discr\u00e9tion qu\u2019il convient en \u00e9tant disponible pour vous [&hellip;]<\/p>\n","protected":false},"author":1,"featured_media":0,"parent":0,"menu_order":32,"comment_status":"closed","ping_status":"closed","template":"","meta":{"_et_pb_use_builder":"on","_et_pb_old_content":"<!-- wp:divi\/placeholder \/-->","_et_gb_content_width":"","footnotes":""},"class_list":["post-1179","page","type-page","status-publish","hentry"],"yoast_head":"<!-- This site is optimized with the Yoast SEO plugin v27.5 - https:\/\/yoast.com\/product\/yoast-seo-wordpress\/ -->\n<title>Pompes Fun\u00e8bres Valais - Suisse - A vos c\u00f4t\u00e9s dans vos plus durs moments<\/title>\n<meta name=\"description\" content=\"Entreprise jeune et dynamique, unie et sympathique, exp\u00e9riment\u00e9e et tourn\u00e9e vers un seul but commun: celui de bien vous entourer et de vous servir au mieux pour le plus bel hommage de vos chers d\u00e9funts et pour votre bien-\u00eatre personnel.\" \/>\n<meta name=\"robots\" content=\"index, follow, max-snippet:-1, max-image-preview:large, max-video-preview:-1\" \/>\n<link rel=\"canonical\" href=\"https:\/\/pompes-funebres-valais.ch\/it\/compiti-assegnati-alle-imprese-di-pompe-funebri\/\" \/>\n<meta property=\"og:locale\" content=\"it_IT\" \/>\n<meta property=\"og:type\" content=\"article\" \/>\n<meta property=\"og:title\" content=\"Pompes Fun\u00e8bres Valais - Suisse - A vos c\u00f4t\u00e9s dans vos plus durs moments\" \/>\n<meta property=\"og:description\" content=\"Entreprise jeune et dynamique, unie et sympathique, exp\u00e9riment\u00e9e et tourn\u00e9e vers un seul but commun: celui de bien vous entourer et de vous servir au mieux pour le plus bel hommage de vos chers d\u00e9funts et pour votre bien-\u00eatre personnel.\" \/>\n<meta property=\"og:url\" content=\"https:\/\/pompes-funebres-valais.ch\/it\/compiti-assegnati-alle-imprese-di-pompe-funebri\/\" \/>\n<meta property=\"og:site_name\" content=\"Pompes fun\u00e8bres Valais, A vos c\u00f4t\u00e9s dans vos plus durs moments\" \/>\n<meta property=\"article:modified_time\" content=\"2021-03-17T09:19:01+00:00\" \/>\n<meta name=\"twitter:card\" content=\"summary_large_image\" \/>\n<meta name=\"twitter:label1\" content=\"Tempo di lettura stimato\" \/>\n\t<meta name=\"twitter:data1\" content=\"5 minuti\" \/>\n<script type=\"application\/ld+json\" class=\"yoast-schema-graph\">{\"@context\":\"https:\\\/\\\/schema.org\",\"@graph\":[{\"@type\":\"WebPage\",\"@id\":\"https:\\\/\\\/pompes-funebres-valais.ch\\\/taches-devolues-aux-entreprises-de-pompes-funebres\\\/\",\"url\":\"https:\\\/\\\/pompes-funebres-valais.ch\\\/taches-devolues-aux-entreprises-de-pompes-funebres\\\/\",\"name\":\"Pompes Fun\u00e8bres Valais - Suisse - A vos c\u00f4t\u00e9s dans vos plus durs moments\",\"isPartOf\":{\"@id\":\"https:\\\/\\\/pompes-funebres-valais.ch\\\/#website\"},\"datePublished\":\"2021-03-17T06:31:11+00:00\",\"dateModified\":\"2021-03-17T09:19:01+00:00\",\"description\":\"Entreprise jeune et dynamique, unie et sympathique, exp\u00e9riment\u00e9e et tourn\u00e9e vers un seul but commun: celui de bien vous entourer et de vous servir au mieux pour le plus bel hommage de vos chers d\u00e9funts et pour votre bien-\u00eatre personnel.\",\"breadcrumb\":{\"@id\":\"https:\\\/\\\/pompes-funebres-valais.ch\\\/taches-devolues-aux-entreprises-de-pompes-funebres\\\/#breadcrumb\"},\"inLanguage\":\"it-IT\",\"potentialAction\":[{\"@type\":\"ReadAction\",\"target\":[\"https:\\\/\\\/pompes-funebres-valais.ch\\\/taches-devolues-aux-entreprises-de-pompes-funebres\\\/\"]}]},{\"@type\":\"BreadcrumbList\",\"@id\":\"https:\\\/\\\/pompes-funebres-valais.ch\\\/taches-devolues-aux-entreprises-de-pompes-funebres\\\/#breadcrumb\",\"itemListElement\":[{\"@type\":\"ListItem\",\"position\":1,\"name\":\"Accueil\",\"item\":\"https:\\\/\\\/pompes-funebres-valais.ch\\\/\"},{\"@type\":\"ListItem\",\"position\":2,\"name\":\"Taches devolues aux entreprises de Pompes Funebres\"}]},{\"@type\":\"WebSite\",\"@id\":\"https:\\\/\\\/pompes-funebres-valais.ch\\\/#website\",\"url\":\"https:\\\/\\\/pompes-funebres-valais.ch\\\/\",\"name\":\"Pompes fun\u00e8bres Valais, A vos c\u00f4t\u00e9s dans vos plus durs moments\",\"description\":\"A vos c\u00f4t\u00e9s dans vos plus durs moments\",\"publisher\":{\"@id\":\"https:\\\/\\\/pompes-funebres-valais.ch\\\/#organization\"},\"potentialAction\":[{\"@type\":\"SearchAction\",\"target\":{\"@type\":\"EntryPoint\",\"urlTemplate\":\"https:\\\/\\\/pompes-funebres-valais.ch\\\/?s={search_term_string}\"},\"query-input\":{\"@type\":\"PropertyValueSpecification\",\"valueRequired\":true,\"valueName\":\"search_term_string\"}}],\"inLanguage\":\"it-IT\"},{\"@type\":\"Organization\",\"@id\":\"https:\\\/\\\/pompes-funebres-valais.ch\\\/#organization\",\"name\":\"Pompes Fun\u00e8bres Valais Suisse\",\"url\":\"https:\\\/\\\/pompes-funebres-valais.ch\\\/\",\"logo\":{\"@type\":\"ImageObject\",\"inLanguage\":\"it-IT\",\"@id\":\"https:\\\/\\\/pompes-funebres-valais.ch\\\/#\\\/schema\\\/logo\\\/image\\\/\",\"url\":\"https:\\\/\\\/pompes-funebres-valais.ch\\\/wp-content\\\/uploads\\\/2021\\\/02\\\/Rond-soleil-1.png\",\"contentUrl\":\"https:\\\/\\\/pompes-funebres-valais.ch\\\/wp-content\\\/uploads\\\/2021\\\/02\\\/Rond-soleil-1.png\",\"width\":509,\"height\":469,\"caption\":\"Pompes Fun\u00e8bres Valais Suisse\"},\"image\":{\"@id\":\"https:\\\/\\\/pompes-funebres-valais.ch\\\/#\\\/schema\\\/logo\\\/image\\\/\"}}]}<\/script>\n<!-- \/ Yoast SEO plugin. -->","yoast_head_json":{"title":"Onoranze funebri Vallese - Svizzera - Al tuo fianco nei momenti pi\u00f9 difficili","description":"Un&#039;azienda giovane e dinamica, unita e amichevole, esperta e focalizzata su un unico obiettivo comune: quello di circondarti bene e servirti al meglio per il pi\u00f9 bel omaggio del tuo caro defunto e per il tuo benessere personale.","robots":{"index":"index","follow":"follow","max-snippet":"max-snippet:-1","max-image-preview":"max-image-preview:large","max-video-preview":"max-video-preview:-1"},"canonical":"https:\/\/pompes-funebres-valais.ch\/it\/compiti-assegnati-alle-imprese-di-pompe-funebri\/","og_locale":"it_IT","og_type":"article","og_title":"Pompes Fun\u00e8bres Valais - Suisse - A vos c\u00f4t\u00e9s dans vos plus durs moments","og_description":"Entreprise jeune et dynamique, unie et sympathique, exp\u00e9riment\u00e9e et tourn\u00e9e vers un seul but commun: celui de bien vous entourer et de vous servir au mieux pour le plus bel hommage de vos chers d\u00e9funts et pour votre bien-\u00eatre personnel.","og_url":"https:\/\/pompes-funebres-valais.ch\/it\/compiti-assegnati-alle-imprese-di-pompe-funebri\/","og_site_name":"Pompes fun\u00e8bres Valais, A vos c\u00f4t\u00e9s dans vos plus durs moments","article_modified_time":"2021-03-17T09:19:01+00:00","twitter_card":"summary_large_image","twitter_misc":{"Tempo di lettura stimato":"5 minuti"},"schema":{"@context":"https:\/\/schema.org","@graph":[{"@type":"WebPage","@id":"https:\/\/pompes-funebres-valais.ch\/taches-devolues-aux-entreprises-de-pompes-funebres\/","url":"https:\/\/pompes-funebres-valais.ch\/taches-devolues-aux-entreprises-de-pompes-funebres\/","name":"Onoranze funebri Vallese - Svizzera - Al tuo fianco nei momenti pi\u00f9 difficili","isPartOf":{"@id":"https:\/\/pompes-funebres-valais.ch\/#website"},"datePublished":"2021-03-17T06:31:11+00:00","dateModified":"2021-03-17T09:19:01+00:00","description":"Un&#039;azienda giovane e dinamica, unita e amichevole, esperta e focalizzata su un unico obiettivo comune: quello di circondarti bene e servirti al meglio per il pi\u00f9 bel omaggio del tuo caro defunto e per il tuo benessere personale.","breadcrumb":{"@id":"https:\/\/pompes-funebres-valais.ch\/taches-devolues-aux-entreprises-de-pompes-funebres\/#breadcrumb"},"inLanguage":"it-IT","potentialAction":[{"@type":"ReadAction","target":["https:\/\/pompes-funebres-valais.ch\/taches-devolues-aux-entreprises-de-pompes-funebres\/"]}]},{"@type":"BreadcrumbList","@id":"https:\/\/pompes-funebres-valais.ch\/taches-devolues-aux-entreprises-de-pompes-funebres\/#breadcrumb","itemListElement":[{"@type":"ListItem","position":1,"name":"Accueil","item":"https:\/\/pompes-funebres-valais.ch\/"},{"@type":"ListItem","position":2,"name":"Taches devolues aux entreprises de Pompes Funebres"}]},{"@type":"WebSite","@id":"https:\/\/pompes-funebres-valais.ch\/#website","url":"https:\/\/pompes-funebres-valais.ch\/","name":"Direttori funebri vallesani, al tuo fianco nei momenti pi\u00f9 difficili","description":"Al tuo fianco nei momenti pi\u00f9 difficili","publisher":{"@id":"https:\/\/pompes-funebres-valais.ch\/#organization"},"potentialAction":[{"@type":"SearchAction","target":{"@type":"EntryPoint","urlTemplate":"https:\/\/pompes-funebres-valais.ch\/?s={search_term_string}"},"query-input":{"@type":"PropertyValueSpecification","valueRequired":true,"valueName":"search_term_string"}}],"inLanguage":"it-IT"},{"@type":"Organization","@id":"https:\/\/pompes-funebres-valais.ch\/#organization","name":"Direttori funebri Vallese Svizzera","url":"https:\/\/pompes-funebres-valais.ch\/","logo":{"@type":"ImageObject","inLanguage":"it-IT","@id":"https:\/\/pompes-funebres-valais.ch\/#\/schema\/logo\/image\/","url":"https:\/\/pompes-funebres-valais.ch\/wp-content\/uploads\/2021\/02\/Rond-soleil-1.png","contentUrl":"https:\/\/pompes-funebres-valais.ch\/wp-content\/uploads\/2021\/02\/Rond-soleil-1.png","width":509,"height":469,"caption":"Pompes Fun\u00e8bres Valais Suisse"},"image":{"@id":"https:\/\/pompes-funebres-valais.ch\/#\/schema\/logo\/image\/"}}]}},"_links":{"self":[{"href":"https:\/\/pompes-funebres-valais.ch\/it\/wp-json\/wp\/v2\/pages\/1179","targetHints":{"allow":["GET"]}}],"collection":[{"href":"https:\/\/pompes-funebres-valais.ch\/it\/wp-json\/wp\/v2\/pages"}],"about":[{"href":"https:\/\/pompes-funebres-valais.ch\/it\/wp-json\/wp\/v2\/types\/page"}],"author":[{"embeddable":true,"href":"https:\/\/pompes-funebres-valais.ch\/it\/wp-json\/wp\/v2\/users\/1"}],"replies":[{"embeddable":true,"href":"https:\/\/pompes-funebres-valais.ch\/it\/wp-json\/wp\/v2\/comments?post=1179"}],"version-history":[{"count":0,"href":"https:\/\/pompes-funebres-valais.ch\/it\/wp-json\/wp\/v2\/pages\/1179\/revisions"}],"wp:attachment":[{"href":"https:\/\/pompes-funebres-valais.ch\/it\/wp-json\/wp\/v2\/media?parent=1179"}],"curies":[{"name":"wp","href":"https:\/\/api.w.org\/{rel}","templated":true}]}}